{"id":2892,"date":"2024-07-10T15:41:07","date_gmt":"2024-07-10T13:41:07","guid":{"rendered":"https:\/\/www.plan8.de\/?page_id=2892"},"modified":"2026-03-10T13:17:06","modified_gmt":"2026-03-10T12:17:06","slug":"about-us-2-2-3-3-6-2","status":"publish","type":"page","link":"https:\/\/www.plan8.de\/?page_id=2892","title":{"rendered":"Detailseite Bergheim Glessen"},"content":{"rendered":"\t\t<div data-elementor-type=\"wp-page\" data-elementor-id=\"2892\" class=\"elementor elementor-2892\">\n\t\t\t\t\t\t<section class=\"elementor-section elementor-top-section elementor-element elementor-element-de8ddce elementor-section-height-min-height elementor-section-boxed elementor-section-height-default elementor-section-items-middle\" data-id=\"de8ddce\" data-element_type=\"section\" data-e-type=\"section\" data-settings=\"{&quot;background_background&quot;:&quot;classic&quot;}\">\n\t\t\t\t\t\t<div class=\"elementor-container elementor-column-gap-default\">\n\t\t\t\t\t<div class=\"elementor-column elementor-col-100 elementor-top-column elementor-element elementor-element-ed6a289\" data-id=\"ed6a289\" data-element_type=\"column\" data-e-type=\"column\">\n\t\t\t<div class=\"elementor-widget-wrap\">\n\t\t\t\t\t\t\t<\/div>\n\t\t<\/div>\n\t\t\t\t\t<\/div>\n\t\t<\/section>\n\t\t\t\t<section class=\"elementor-section elementor-top-section elementor-element elementor-element-8f2a3b1 elementor-section-boxed elementor-section-height-default elementor-section-height-default\" data-id=\"8f2a3b1\" data-element_type=\"section\" data-e-type=\"section\">\n\t\t\t\t\t\t<div class=\"elementor-container elementor-column-gap-default\">\n\t\t\t\t\t<div class=\"elementor-column elementor-col-100 elementor-top-column elementor-element elementor-element-9427d45\" data-id=\"9427d45\" data-element_type=\"column\" data-e-type=\"column\">\n\t\t\t<div class=\"elementor-widget-wrap elementor-element-populated\">\n\t\t\t\t\t\t<div class=\"elementor-element elementor-element-93e13d7 elementor-widget elementor-widget-spacer\" data-id=\"93e13d7\" data-element_type=\"widget\" data-e-type=\"widget\" data-widget_type=\"spacer.default\">\n\t\t\t\t<div class=\"elementor-widget-container\">\n\t\t\t\t\t\t\t<div class=\"elementor-spacer\">\n\t\t\t<div class=\"elementor-spacer-inner\"><\/div>\n\t\t<\/div>\n\t\t\t\t\t\t<\/div>\n\t\t\t\t<\/div>\n\t\t\t\t<div class=\"elementor-element elementor-element-8f553ce elementor-widget__width-inherit elementor-widget elementor-widget-heading\" data-id=\"8f553ce\" data-element_type=\"widget\" data-e-type=\"widget\" data-widget_type=\"heading.default\">\n\t\t\t\t<div class=\"elementor-widget-container\">\n\t\t\t\t\t<h2 class=\"elementor-heading-title elementor-size-default\">Tal 40\u00b2 \u2013 Leben in Glessen<\/h2>\t\t\t\t<\/div>\n\t\t\t\t<\/div>\n\t\t\t\t<div class=\"elementor-element elementor-element-5731fb2 elementor-widget elementor-widget-heading\" data-id=\"5731fb2\" data-element_type=\"widget\" data-e-type=\"widget\" data-widget_type=\"heading.default\">\n\t\t\t\t<div class=\"elementor-widget-container\">\n\t\t\t\t\t<h1 class=\"elementor-heading-title elementor-size-default\">Verbinden Sie Gro\u00dfstadtn\u00e4he mit dem Leben in ruhiger Lage \u201eauf dem Land\u201c.\nHier entstehen 13 Eigentumswohnungen im nachhaltigen KFW 40 Standard f\u00fcr modernes und nachhaltiges Wohnen. Schicke und moderne 2 \u2013 4 Zimmer Wohnungen mit einer Gr\u00f6\u00dfe zwischen ca. 49 und ca. 98 m\u00b2 stehen zur Verf\u00fcgung.<\/h1>\t\t\t\t<\/div>\n\t\t\t\t<\/div>\n\t\t\t\t<section class=\"elementor-section elementor-inner-section elementor-element elementor-element-d18b9c3 elementor-section-content-middle elementor-section-boxed elementor-section-height-default elementor-section-height-default\" data-id=\"d18b9c3\" data-element_type=\"section\" data-e-type=\"section\">\n\t\t\t\t\t\t<div class=\"elementor-container elementor-column-gap-no\">\n\t\t\t\t\t<div class=\"elementor-column elementor-col-50 elementor-inner-column elementor-element elementor-element-44b06e8\" data-id=\"44b06e8\" data-element_type=\"column\" data-e-type=\"column\">\n\t\t\t<div class=\"elementor-widget-wrap elementor-element-populated\">\n\t\t\t\t\t\t<div class=\"elementor-element elementor-element-76f213c elementor-widget elementor-widget-image\" data-id=\"76f213c\" data-element_type=\"widget\" data-e-type=\"widget\" data-widget_type=\"image.default\">\n\t\t\t\t<div class=\"elementor-widget-container\">\n\t\t\t\t\t\t\t\t\t\t\t\t\t\t\t<img fetchpriority=\"high\" decoding=\"async\" width=\"900\" height=\"900\" src=\"https:\/\/www.plan8.de\/wp-content\/uploads\/2024\/07\/Vorderansicht_small_900x900.jpg\" class=\"attachment-large size-large wp-image-2895\" alt=\"\" srcset=\"https:\/\/www.plan8.de\/wp-content\/uploads\/2024\/07\/Vorderansicht_small_900x900.jpg 900w, https:\/\/www.plan8.de\/wp-content\/uploads\/2024\/07\/Vorderansicht_small_900x900-300x300.jpg 300w, https:\/\/www.plan8.de\/wp-content\/uploads\/2024\/07\/Vorderansicht_small_900x900-150x150.jpg 150w, https:\/\/www.plan8.de\/wp-content\/uploads\/2024\/07\/Vorderansicht_small_900x900-768x768.jpg 768w, https:\/\/www.plan8.de\/wp-content\/uploads\/2024\/07\/Vorderansicht_small_900x900-600x600.jpg 600w\" sizes=\"(max-width: 900px) 100vw, 900px\" \/>\t\t\t\t\t\t\t\t\t\t\t\t\t\t\t<\/div>\n\t\t\t\t<\/div>\n\t\t\t\t<div class=\"elementor-element elementor-element-d5fd431 elementor-widget__width-initial elementor-absolute elementor-widget elementor-widget-image\" data-id=\"d5fd431\" data-element_type=\"widget\" data-e-type=\"widget\" data-settings=\"{&quot;_position&quot;:&quot;absolute&quot;}\" data-widget_type=\"image.default\">\n\t\t\t\t<div class=\"elementor-widget-container\">\n\t\t\t\t\t\t\t\t\t\t\t\t\t\t\t<img decoding=\"async\" width=\"711\" height=\"383\" src=\"https:\/\/www.plan8.de\/wp-content\/uploads\/2022\/09\/Verkauft_01.png\" class=\"attachment-large size-large wp-image-1077\" alt=\"\" srcset=\"https:\/\/www.plan8.de\/wp-content\/uploads\/2022\/09\/Verkauft_01.png 711w, https:\/\/www.plan8.de\/wp-content\/uploads\/2022\/09\/Verkauft_01-300x162.png 300w\" sizes=\"(max-width: 711px) 100vw, 711px\" \/>\t\t\t\t\t\t\t\t\t\t\t\t\t\t\t<\/div>\n\t\t\t\t<\/div>\n\t\t\t\t\t<\/div>\n\t\t<\/div>\n\t\t\t\t<div class=\"elementor-column elementor-col-50 elementor-inner-column elementor-element elementor-element-012d586\" data-id=\"012d586\" data-element_type=\"column\" data-e-type=\"column\">\n\t\t\t<div class=\"elementor-widget-wrap elementor-element-populated\">\n\t\t\t\t\t\t<div class=\"elementor-element elementor-element-17faf1b elementor-icon-list--layout-traditional elementor-list-item-link-full_width elementor-widget elementor-widget-icon-list\" data-id=\"17faf1b\" data-element_type=\"widget\" data-e-type=\"widget\" data-widget_type=\"icon-list.default\">\n\t\t\t\t<div class=\"elementor-widget-container\">\n\t\t\t\t\t\t\t<ul class=\"elementor-icon-list-items\">\n\t\t\t\t\t\t\t<li class=\"elementor-icon-list-item\">\n\t\t\t\t\t\t\t\t\t\t\t<span class=\"elementor-icon-list-icon\">\n\t\t\t\t\t\t\t<i aria-hidden=\"true\" class=\"far fa-star\"><\/i>\t\t\t\t\t\t<\/span>\n\t\t\t\t\t\t\t\t\t\t<span class=\"elementor-icon-list-text\"><strong>13 Eigentumswohnungen im nachhaltigen KFW 40 Standard <\/strong><\/span>\n\t\t\t\t\t\t\t\t\t<\/li>\n\t\t\t\t\t\t\t\t<li class=\"elementor-icon-list-item\">\n\t\t\t\t\t\t\t\t\t\t\t<span class=\"elementor-icon-list-icon\">\n\t\t\t\t\t\t\t<i aria-hidden=\"true\" class=\"far fa-star\"><\/i>\t\t\t\t\t\t<\/span>\n\t\t\t\t\t\t\t\t\t\t<span class=\"elementor-icon-list-text\"><strong>2 \u2013 4 Zimmer Wohnungen mit einer Gr\u00f6\u00dfe zwischen ca. 49 und ca. 98 m\u00b2 <\/strong><\/span>\n\t\t\t\t\t\t\t\t\t<\/li>\n\t\t\t\t\t\t\t\t<li class=\"elementor-icon-list-item\">\n\t\t\t\t\t\t\t\t\t\t\t<span class=\"elementor-icon-list-icon\">\n\t\t\t\t\t\t\t<i aria-hidden=\"true\" class=\"far fa-star\"><\/i>\t\t\t\t\t\t<\/span>\n\t\t\t\t\t\t\t\t\t\t<span class=\"elementor-icon-list-text\"><strong>ca. 5 km Luftlinie von der Medienstadt K\u00f6ln entfernt<\/strong><\/span>\n\t\t\t\t\t\t\t\t\t<\/li>\n\t\t\t\t\t\t\t\t<li class=\"elementor-icon-list-item\">\n\t\t\t\t\t\t\t\t\t\t\t<span class=\"elementor-icon-list-icon\">\n\t\t\t\t\t\t\t<i aria-hidden=\"true\" class=\"far fa-star\"><\/i>\t\t\t\t\t\t<\/span>\n\t\t\t\t\t\t\t\t\t\t<span class=\"elementor-icon-list-text\"><strong>Direkte Lage am Wald <\/strong><\/span>\n\t\t\t\t\t\t\t\t\t<\/li>\n\t\t\t\t\t\t\t\t<li class=\"elementor-icon-list-item\">\n\t\t\t\t\t\t\t\t\t\t\t<span class=\"elementor-icon-list-icon\">\n\t\t\t\t\t\t\t<i aria-hidden=\"true\" class=\"far fa-star\"><\/i>\t\t\t\t\t\t<\/span>\n\t\t\t\t\t\t\t\t\t\t<span class=\"elementor-icon-list-text\"><strong>Hervorragende Busanbindung <\/strong><\/span>\n\t\t\t\t\t\t\t\t\t<\/li>\n\t\t\t\t\t\t<\/ul>\n\t\t\t\t\t\t<\/div>\n\t\t\t\t<\/div>\n\t\t\t\t\t<\/div>\n\t\t<\/div>\n\t\t\t\t\t<\/div>\n\t\t<\/section>\n\t\t\t\t<section class=\"elementor-section elementor-inner-section elementor-element elementor-element-e2a693a elementor-section-boxed elementor-section-height-default elementor-section-height-default\" data-id=\"e2a693a\" data-element_type=\"section\" data-e-type=\"section\">\n\t\t\t\t\t\t<div class=\"elementor-container elementor-column-gap-default\">\n\t\t\t\t\t<div class=\"elementor-column elementor-col-50 elementor-inner-column elementor-element elementor-element-40db473\" data-id=\"40db473\" data-element_type=\"column\" data-e-type=\"column\">\n\t\t\t<div class=\"elementor-widget-wrap elementor-element-populated\">\n\t\t\t\t\t\t<div class=\"elementor-element elementor-element-2cabdf1 elementor-widget elementor-widget-heading\" data-id=\"2cabdf1\" data-element_type=\"widget\" data-e-type=\"widget\" data-widget_type=\"heading.default\">\n\t\t\t\t<div class=\"elementor-widget-container\">\n\t\t\t\t\t<p class=\"elementor-heading-title elementor-size-default\">Der Stadtteil Bergheim-Glessen liegt ca. 5 km Luftlinie von der Medienstadt K\u00f6ln entfernt. Im Ort sind alle wichtigen Gesch\u00e4fte und Einrichtungen f\u00fcr den Lebensalltag vorhanden. Schule, Kindertageseinrichtungen, Jugendtreff und vielf\u00e4ltige Freizeitm\u00f6glichkeiten, z.B. Golf, mehrere Tennispl\u00e4tze und Reiterh\u00f6fe \u2013 aber auch die direkte Lage am Wald - machen Glessen zu einem gefragten Wohnort f\u00fcr Familien! <\/p>\t\t\t\t<\/div>\n\t\t\t\t<\/div>\n\t\t\t\t<div class=\"elementor-element elementor-element-693320f elementor-widget elementor-widget-heading\" data-id=\"693320f\" data-element_type=\"widget\" data-e-type=\"widget\" data-widget_type=\"heading.default\">\n\t\t\t\t<div class=\"elementor-widget-container\">\n\t\t\t\t\t<p class=\"elementor-heading-title elementor-size-default\">Fu\u00dfl\u00e4ufig ist eine Vielzahl an L\u00e4den, \u00c4rzten und Caf\u00e9s des t\u00e4glichen Bedarfs zu erreichen. Diese bieten Bauernhofcaf\u00e9s, Hofl\u00e4den und Hoffeste mit erntefrischen Produkten aus der Region. In der Umgebung befinden sich mehrere attraktive Radwege, wie z.B. die 75 km lange Bergheimer Acht. Die Abtei Brauweiler beherbergt ein Kulturzentrum mit umfassenden Kunst- und Kulturprogramm.<\/p>\t\t\t\t<\/div>\n\t\t\t\t<\/div>\n\t\t\t\t<div class=\"elementor-element elementor-element-0726e4d zero-space-list elementor-widget elementor-widget-text-editor\" data-id=\"0726e4d\" data-element_type=\"widget\" data-e-type=\"widget\" data-widget_type=\"text-editor.default\">\n\t\t\t\t<div class=\"elementor-widget-container\">\n\t\t\t\t\t\t\t\t\t<p>Neben Bergheim-Glessen selbst ist vor allem die angrenzende Stadt Pulheim zu erw\u00e4hnen. In unmittelbarer Nachbarschaft zu K\u00f6ln zeigen sich Bergheim-Glessen und Pulheim als attraktive und lebendige Kleinst\u00e4dte mit weiten Gr\u00fcnfl\u00e4chen und einem vielf\u00e4ltigen Kulturangebot.<\/p>\t\t\t\t\t\t\t\t<\/div>\n\t\t\t\t<\/div>\n\t\t\t\t<div class=\"elementor-element elementor-element-09bee6c zero-space-list elementor-widget elementor-widget-text-editor\" data-id=\"09bee6c\" data-element_type=\"widget\" data-e-type=\"widget\" data-widget_type=\"text-editor.default\">\n\t\t\t\t<div class=\"elementor-widget-container\">\n\t\t\t\t\t\t\t\t\t<p>\u00dcber die hervorragende Busanbindung k\u00f6nnen Berufspendler beim Park &amp; Ride Service bequem ihr Auto stehen lassen oder in gleicher Zeit von ca. 30 Minuten \u00fcber die Autobahnanbindungen A 1,3,4,57,und A61 in die K\u00f6lner Innenstadt fahren.<\/p>\t\t\t\t\t\t\t\t<\/div>\n\t\t\t\t<\/div>\n\t\t\t\t\t<\/div>\n\t\t<\/div>\n\t\t\t\t<div class=\"elementor-column elementor-col-50 elementor-inner-column elementor-element elementor-element-2db1e62\" data-id=\"2db1e62\" data-element_type=\"column\" data-e-type=\"column\">\n\t\t\t<div class=\"elementor-widget-wrap elementor-element-populated\">\n\t\t\t\t\t\t<div class=\"elementor-element elementor-element-683b5a2 zero-space-list elementor-widget elementor-widget-text-editor\" data-id=\"683b5a2\" data-element_type=\"widget\" data-e-type=\"widget\" data-widget_type=\"text-editor.default\">\n\t\t\t\t<div class=\"elementor-widget-container\">\n\t\t\t\t\t\t\t\t\t<p><strong>Wohnen Im Tal 40<\/strong><\/p>\t\t\t\t\t\t\t\t<\/div>\n\t\t\t\t<\/div>\n\t\t\t\t<div class=\"elementor-element elementor-element-7187234 elementor-widget elementor-widget-heading\" data-id=\"7187234\" data-element_type=\"widget\" data-e-type=\"widget\" data-widget_type=\"heading.default\">\n\t\t\t\t<div class=\"elementor-widget-container\">\n\t\t\t\t\t<p class=\"elementor-heading-title elementor-size-default\">...in Bergheim-Glessen vereint die Vorz\u00fcge des st\u00e4dtischen Landlebens mit der N\u00e4he zur Gro\u00dfstadt und bietet somit eine ideale Wohnlage f\u00fcr alle, die urbanes Leben und Naturverbundenheit miteinander verbinden m\u00f6chten. Hier erwarten Sie eine ausgezeichnete Autobahnanbindung, eine erstklassige Bahnanbindung, reichhaltige Naherholungsm\u00f6glichkeiten sowie eine gut ausgebaute Infrastruktur mit Schulen, Kinderg\u00e4rten und Einkaufsm\u00f6glichkeiten \u2013 ein perfektes Zuhause f\u00fcr Jung und Alt.<\/p>\t\t\t\t<\/div>\n\t\t\t\t<\/div>\n\t\t\t\t<div class=\"elementor-element elementor-element-07cc49f elementor-widget elementor-widget-heading\" data-id=\"07cc49f\" data-element_type=\"widget\" data-e-type=\"widget\" data-widget_type=\"heading.default\">\n\t\t\t\t<div class=\"elementor-widget-container\">\n\t\t\t\t\t<p class=\"elementor-heading-title elementor-size-default\">Auch Kapitalanleger werden beim Erwerb einer dieser Wohnungen die richtige Wahl treffen!<\/p>\t\t\t\t<\/div>\n\t\t\t\t<\/div>\n\t\t\t\t<div class=\"elementor-element elementor-element-4980a56 elementor-widget elementor-widget-heading\" data-id=\"4980a56\" data-element_type=\"widget\" data-e-type=\"widget\" data-widget_type=\"heading.default\">\n\t\t\t\t<div class=\"elementor-widget-container\">\n\t\t\t\t\t<p class=\"elementor-heading-title elementor-size-default\">Auf der einen Seite sind die Wohnungsgr\u00f6\u00dfen so dargestellt, dass eine Vermietung zur H\u00f6chstmiete garantiert ist und auf der anderen Seite werden Mietinteressenten durch die KFW-40-Bauweise wissen, dass sie f\u00fcr diese Wohnungen zuk\u00fcnftig nur sehr geringe Nebenkosten zu zahlen haben.<\/p>\t\t\t\t<\/div>\n\t\t\t\t<\/div>\n\t\t\t\t<div class=\"elementor-element elementor-element-0b9c8c4 elementor-widget elementor-widget-heading\" data-id=\"0b9c8c4\" data-element_type=\"widget\" data-e-type=\"widget\" data-widget_type=\"heading.default\">\n\t\t\t\t<div class=\"elementor-widget-container\">\n\t\t\t\t\t<p class=\"elementor-heading-title elementor-size-default\">Weiterhin kann jeder Kapitalanleger f\u00fcr dieses Bauvorhaben die 5 %-ige degressive AFA in Anspruch nehmen. Dar\u00fcber hinaus erh\u00e4lt jeder Erwerber (Eigennutzer oder Kapitalanleger) f\u00fcr dieses Bauvorhaben ein hochinteressantes Darlehen in H\u00f6he von 100.000,-- \u20ac zu zingsg\u00fcnstigen Konditionen von der KFW Bank.<\/p>\t\t\t\t<\/div>\n\t\t\t\t<\/div>\n\t\t\t\t\t<\/div>\n\t\t<\/div>\n\t\t\t\t\t<\/div>\n\t\t<\/section>\n\t\t\t\t<div class=\"elementor-element elementor-element-81c9ea7 elementor-widget-divider--view-line elementor-widget elementor-widget-divider\" data-id=\"81c9ea7\" data-element_type=\"widget\" data-e-type=\"widget\" data-widget_type=\"divider.default\">\n\t\t\t\t<div class=\"elementor-widget-container\">\n\t\t\t\t\t\t\t<div class=\"elementor-divider\">\n\t\t\t<span class=\"elementor-divider-separator\">\n\t\t\t\t\t\t<\/span>\n\t\t<\/div>\n\t\t\t\t\t\t<\/div>\n\t\t\t\t<\/div>\n\t\t\t\t<div class=\"elementor-element elementor-element-dcfe61e zero-space-list elementor-widget elementor-widget-text-editor\" data-id=\"dcfe61e\" data-element_type=\"widget\" data-e-type=\"widget\" data-widget_type=\"text-editor.default\">\n\t\t\t\t<div class=\"elementor-widget-container\">\n\t\t\t\t\t\t\t\t\t<p><strong>Sichern Sie sich einen Platz in diesem innovativen Objekt!<\/strong><\/p>\t\t\t\t\t\t\t\t<\/div>\n\t\t\t\t<\/div>\n\t\t\t\t<section class=\"elementor-section elementor-inner-section elementor-element elementor-element-92eed91 elementor-section-boxed elementor-section-height-default elementor-section-height-default\" data-id=\"92eed91\" data-element_type=\"section\" data-e-type=\"section\">\n\t\t\t\t\t\t<div class=\"elementor-container elementor-column-gap-default\">\n\t\t\t\t\t<div class=\"elementor-column elementor-col-100 elementor-inner-column elementor-element elementor-element-db0e1c8\" data-id=\"db0e1c8\" data-element_type=\"column\" data-e-type=\"column\">\n\t\t\t<div class=\"elementor-widget-wrap elementor-element-populated\">\n\t\t\t\t\t\t<div class=\"elementor-element elementor-element-f0292c2 elementor-widget elementor-widget-heading\" data-id=\"f0292c2\" data-element_type=\"widget\" data-e-type=\"widget\" data-widget_type=\"heading.default\">\n\t\t\t\t<div class=\"elementor-widget-container\">\n\t\t\t\t\t<h1 class=\"elementor-heading-title elementor-size-default\"><b>Objekt &bdquo;Tal 40\u00b2 \u2013 Leben in Glessen&ldquo; <\/b><br><b>Wir freuen uns auf Ihren Anruf unter:<\/b> <br><span style=\"font-size: 30px;color: #2d87be;font-weight: 300\">0212 \u2013 2 48 08 00<\/span><\/h1>\t\t\t\t<\/div>\n\t\t\t\t<\/div>\n\t\t\t\t\t<\/div>\n\t\t<\/div>\n\t\t\t\t\t<\/div>\n\t\t<\/section>\n\t\t\t\t<section class=\"elementor-section elementor-inner-section elementor-element elementor-element-038fe11 elementor-section-boxed elementor-section-height-default elementor-section-height-default\" data-id=\"038fe11\" data-element_type=\"section\" data-e-type=\"section\">\n\t\t\t\t\t\t<div class=\"elementor-container elementor-column-gap-default\">\n\t\t\t\t\t<div class=\"elementor-column elementor-col-100 elementor-inner-column elementor-element elementor-element-34fdb96\" data-id=\"34fdb96\" data-element_type=\"column\" data-e-type=\"column\">\n\t\t\t<div class=\"elementor-widget-wrap\">\n\t\t\t\t\t\t\t<\/div>\n\t\t<\/div>\n\t\t\t\t\t<\/div>\n\t\t<\/section>\n\t\t\t\t<section class=\"elementor-section elementor-inner-section elementor-element elementor-element-63af3e5 elementor-section-boxed elementor-section-height-default elementor-section-height-default\" data-id=\"63af3e5\" data-element_type=\"section\" data-e-type=\"section\">\n\t\t\t\t\t\t<div class=\"elementor-container elementor-column-gap-default\">\n\t\t\t\t\t<div class=\"elementor-column elementor-col-100 elementor-inner-column elementor-element elementor-element-46db163\" data-id=\"46db163\" data-element_type=\"column\" data-e-type=\"column\">\n\t\t\t<div class=\"elementor-widget-wrap elementor-element-populated\">\n\t\t\t\t\t\t<div class=\"elementor-element elementor-element-fab871b elementor-widget elementor-widget-heading\" data-id=\"fab871b\" data-element_type=\"widget\" data-e-type=\"widget\" data-widget_type=\"heading.default\">\n\t\t\t\t<div class=\"elementor-widget-container\">\n\t\t\t\t\t<h1 class=\"elementor-heading-title elementor-size-default\">Ansichten<\/h1>\t\t\t\t<\/div>\n\t\t\t\t<\/div>\n\t\t\t\t\t<\/div>\n\t\t<\/div>\n\t\t\t\t\t<\/div>\n\t\t<\/section>\n\t\t\t\t<div class=\"elementor-element elementor-element-062ddc9 elementor-widget elementor-widget-image-gallery\" data-id=\"062ddc9\" data-element_type=\"widget\" data-e-type=\"widget\" data-widget_type=\"image-gallery.default\">\n\t\t\t\t<div class=\"elementor-widget-container\">\n\t\t\t\t\t\t\t<div class=\"elementor-image-gallery\">\n\t\t\t<div id='gallery-1' class='gallery galleryid-2892 gallery-columns-4 gallery-size-thumbnail'><figure class='gallery-item'>\n\t\t\t<div class='gallery-icon landscape'>\n\t\t\t\t<a data-elementor-open-lightbox=\"no\" href='https:\/\/www.plan8.de\/wp-content\/uploads\/2025\/11\/Vorderansicht_small_900x609_noch_1_Wohnung.jpg'><img decoding=\"async\" width=\"150\" height=\"150\" src=\"https:\/\/www.plan8.de\/wp-content\/uploads\/2025\/11\/Vorderansicht_small_900x609_noch_1_Wohnung-150x150.jpg\" class=\"attachment-thumbnail size-thumbnail\" alt=\"Bergheim-Glessen Voderansicht\" aria-describedby=\"gallery-1-3519\" srcset=\"https:\/\/www.plan8.de\/wp-content\/uploads\/2025\/11\/Vorderansicht_small_900x609_noch_1_Wohnung-150x150.jpg 150w, https:\/\/www.plan8.de\/wp-content\/uploads\/2025\/11\/Vorderansicht_small_900x609_noch_1_Wohnung-600x600.jpg 600w\" sizes=\"(max-width: 150px) 100vw, 150px\" \/><\/a>\n\t\t\t<\/div>\n\t\t\t\t<figcaption class='wp-caption-text gallery-caption' id='gallery-1-3519'>\n\t\t\t\tBergheim-Glessen Voderansicht\n\t\t\t\t<\/figcaption><\/figure><figure class='gallery-item'>\n\t\t\t<div class='gallery-icon landscape'>\n\t\t\t\t<a data-elementor-open-lightbox=\"no\" href='https:\/\/www.plan8.de\/wp-content\/uploads\/2025\/11\/Hinteransicht_small_900x609_noch_1_Wohnung.jpg'><img loading=\"lazy\" decoding=\"async\" width=\"150\" height=\"150\" src=\"https:\/\/www.plan8.de\/wp-content\/uploads\/2025\/11\/Hinteransicht_small_900x609_noch_1_Wohnung-150x150.jpg\" class=\"attachment-thumbnail size-thumbnail\" alt=\"Bergheim-Glessen Hinteransicht\" aria-describedby=\"gallery-1-3520\" srcset=\"https:\/\/www.plan8.de\/wp-content\/uploads\/2025\/11\/Hinteransicht_small_900x609_noch_1_Wohnung-150x150.jpg 150w, https:\/\/www.plan8.de\/wp-content\/uploads\/2025\/11\/Hinteransicht_small_900x609_noch_1_Wohnung-600x600.jpg 600w\" sizes=\"(max-width: 150px) 100vw, 150px\" \/><\/a>\n\t\t\t<\/div>\n\t\t\t\t<figcaption class='wp-caption-text gallery-caption' id='gallery-1-3520'>\n\t\t\t\tBergheim-Glessen Hinteransicht\n\t\t\t\t<\/figcaption><\/figure><figure class='gallery-item'>\n\t\t\t<div class='gallery-icon landscape'>\n\t\t\t\t<a data-elementor-open-lightbox=\"no\" href='https:\/\/www.plan8.de\/wp-content\/uploads\/2024\/07\/Innenperspektive-Wohnen_900x609.jpg'><img loading=\"lazy\" decoding=\"async\" width=\"150\" height=\"150\" src=\"https:\/\/www.plan8.de\/wp-content\/uploads\/2024\/07\/Innenperspektive-Wohnen_900x609-150x150.jpg\" class=\"attachment-thumbnail size-thumbnail\" alt=\"Objekt Bergheim Glessen, Innenperspektive Wohnen\" aria-describedby=\"gallery-1-2898\" srcset=\"https:\/\/www.plan8.de\/wp-content\/uploads\/2024\/07\/Innenperspektive-Wohnen_900x609-150x150.jpg 150w, https:\/\/www.plan8.de\/wp-content\/uploads\/2024\/07\/Innenperspektive-Wohnen_900x609-600x600.jpg 600w\" sizes=\"(max-width: 150px) 100vw, 150px\" \/><\/a>\n\t\t\t<\/div>\n\t\t\t\t<figcaption class='wp-caption-text gallery-caption' id='gallery-1-2898'>\n\t\t\t\tObjekt Bergheim Glessen, Innenperspektive Wohnen\n\t\t\t\t<\/figcaption><\/figure><figure class='gallery-item'>\n\t\t\t<div class='gallery-icon landscape'>\n\t\t\t\t<a data-elementor-open-lightbox=\"no\" href='https:\/\/www.plan8.de\/wp-content\/uploads\/2024\/07\/Innenperspektive-Schlafen_900x609.jpg'><img loading=\"lazy\" decoding=\"async\" width=\"150\" height=\"150\" src=\"https:\/\/www.plan8.de\/wp-content\/uploads\/2024\/07\/Innenperspektive-Schlafen_900x609-150x150.jpg\" class=\"attachment-thumbnail size-thumbnail\" alt=\"Objekt Bergheim Glessen, Innenperspektive Schlafen\" aria-describedby=\"gallery-1-2899\" srcset=\"https:\/\/www.plan8.de\/wp-content\/uploads\/2024\/07\/Innenperspektive-Schlafen_900x609-150x150.jpg 150w, https:\/\/www.plan8.de\/wp-content\/uploads\/2024\/07\/Innenperspektive-Schlafen_900x609-600x600.jpg 600w\" sizes=\"(max-width: 150px) 100vw, 150px\" \/><\/a>\n\t\t\t<\/div>\n\t\t\t\t<figcaption class='wp-caption-text gallery-caption' id='gallery-1-2899'>\n\t\t\t\tObjekt Bergheim Glessen, Innenperspektive Schlafen\n\t\t\t\t<\/figcaption><\/figure><figure class='gallery-item'>\n\t\t\t<div class='gallery-icon landscape'>\n\t\t\t\t<a data-elementor-open-lightbox=\"no\" href='https:\/\/www.plan8.de\/wp-content\/uploads\/2025\/05\/Bergheim_Penthouse_Teaser.jpg'><img loading=\"lazy\" decoding=\"async\" width=\"150\" height=\"150\" src=\"https:\/\/www.plan8.de\/wp-content\/uploads\/2025\/05\/Bergheim_Penthouse_Teaser-150x150.jpg\" class=\"attachment-thumbnail size-thumbnail\" alt=\"Objekt Bergheim Glessen, Wohnung 13, DG\" aria-describedby=\"gallery-1-3194\" \/><\/a>\n\t\t\t<\/div>\n\t\t\t\t<figcaption class='wp-caption-text gallery-caption' id='gallery-1-3194'>\n\t\t\t\tObjekt Bergheim Glessen, Wohnung 13, DG\n\t\t\t\t<\/figcaption><\/figure>\n\t\t<\/div>\n\t\t<\/div>\n\t\t\t\t\t\t<\/div>\n\t\t\t\t<\/div>\n\t\t\t\t<section class=\"elementor-section elementor-inner-section elementor-element elementor-element-b18db8b elementor-section-boxed elementor-section-height-default elementor-section-height-default\" data-id=\"b18db8b\" data-element_type=\"section\" data-e-type=\"section\">\n\t\t\t\t\t\t<div class=\"elementor-container elementor-column-gap-default\">\n\t\t\t\t\t<div class=\"elementor-column elementor-col-100 elementor-inner-column elementor-element elementor-element-215abf1\" data-id=\"215abf1\" data-element_type=\"column\" data-e-type=\"column\">\n\t\t\t<div class=\"elementor-widget-wrap elementor-element-populated\">\n\t\t\t\t\t\t<div class=\"elementor-element elementor-element-48d5bfb zero-space elementor-widget elementor-widget-heading\" data-id=\"48d5bfb\" data-element_type=\"widget\" data-e-type=\"widget\" data-widget_type=\"heading.default\">\n\t\t\t\t<div class=\"elementor-widget-container\">\n\t\t\t\t\t<h1 class=\"elementor-heading-title elementor-size-default\">Grundrisse<\/h1>\t\t\t\t<\/div>\n\t\t\t\t<\/div>\n\t\t\t\t<div class=\"elementor-element elementor-element-d690078 zero-space elementor-widget elementor-widget-text-editor\" data-id=\"d690078\" data-element_type=\"widget\" data-e-type=\"widget\" data-widget_type=\"text-editor.default\">\n\t\t\t\t<div class=\"elementor-widget-container\">\n\t\t\t\t\t\t\t\t\t<p>Mehrfamilienh\u00e4user (Eigentumswohnungen)<\/p>\t\t\t\t\t\t\t\t<\/div>\n\t\t\t\t<\/div>\n\t\t\t\t\t<\/div>\n\t\t<\/div>\n\t\t\t\t\t<\/div>\n\t\t<\/section>\n\t\t\t\t<div class=\"elementor-element elementor-element-5a12365 elementor-widget elementor-widget-image-gallery\" data-id=\"5a12365\" data-element_type=\"widget\" data-e-type=\"widget\" data-widget_type=\"image-gallery.default\">\n\t\t\t\t<div class=\"elementor-widget-container\">\n\t\t\t\t\t\t\t<div class=\"elementor-image-gallery\">\n\t\t\t<div id='gallery-2' class='gallery galleryid-2892 gallery-columns-4 gallery-size-thumbnail'><figure class='gallery-item'>\n\t\t\t<div class='gallery-icon portrait'>\n\t\t\t\t<a data-elementor-open-lightbox=\"no\" href='https:\/\/www.plan8.de\/wp-content\/uploads\/2024\/10\/Bergheim_Glessen_Wohnung_01_EG_verkauft.png'><img loading=\"lazy\" decoding=\"async\" width=\"150\" height=\"150\" src=\"https:\/\/www.plan8.de\/wp-content\/uploads\/2024\/10\/Bergheim_Glessen_Wohnung_01_EG_verkauft-150x150.png\" class=\"attachment-thumbnail size-thumbnail\" alt=\"Objekt Bergheim Glessen, Wohnung 1, EG\" aria-describedby=\"gallery-2-3014\" srcset=\"https:\/\/www.plan8.de\/wp-content\/uploads\/2024\/10\/Bergheim_Glessen_Wohnung_01_EG_verkauft-150x150.png 150w, https:\/\/www.plan8.de\/wp-content\/uploads\/2024\/10\/Bergheim_Glessen_Wohnung_01_EG_verkauft-600x600.png 600w\" sizes=\"(max-width: 150px) 100vw, 150px\" \/><\/a>\n\t\t\t<\/div>\n\t\t\t\t<figcaption class='wp-caption-text gallery-caption' id='gallery-2-3014'>\n\t\t\t\tObjekt Bergheim Glessen, Wohnung 1, EG\n\t\t\t\t<\/figcaption><\/figure><figure class='gallery-item'>\n\t\t\t<div class='gallery-icon portrait'>\n\t\t\t\t<a data-elementor-open-lightbox=\"no\" href='https:\/\/www.plan8.de\/wp-content\/uploads\/2025\/05\/Bergheim_Glessen_Wohnung_02_EG_verkauft.png'><img loading=\"lazy\" decoding=\"async\" width=\"150\" height=\"150\" src=\"https:\/\/www.plan8.de\/wp-content\/uploads\/2025\/05\/Bergheim_Glessen_Wohnung_02_EG_verkauft-150x150.png\" class=\"attachment-thumbnail size-thumbnail\" alt=\"Objekt Bergheim Glessen, Wohnung 2, EG\" aria-describedby=\"gallery-2-3166\" srcset=\"https:\/\/www.plan8.de\/wp-content\/uploads\/2025\/05\/Bergheim_Glessen_Wohnung_02_EG_verkauft-150x150.png 150w, https:\/\/www.plan8.de\/wp-content\/uploads\/2025\/05\/Bergheim_Glessen_Wohnung_02_EG_verkauft-600x600.png 600w\" sizes=\"(max-width: 150px) 100vw, 150px\" \/><\/a>\n\t\t\t<\/div>\n\t\t\t\t<figcaption class='wp-caption-text gallery-caption' id='gallery-2-3166'>\n\t\t\t\tObjekt Bergheim Glessen, Wohnung 2, EG\n\t\t\t\t<\/figcaption><\/figure><figure class='gallery-item'>\n\t\t\t<div class='gallery-icon portrait'>\n\t\t\t\t<a data-elementor-open-lightbox=\"no\" href='https:\/\/www.plan8.de\/wp-content\/uploads\/2025\/05\/Bergheim_Glessen_Wohnung_03_EG_vekauft.png'><img loading=\"lazy\" decoding=\"async\" width=\"150\" height=\"150\" src=\"https:\/\/www.plan8.de\/wp-content\/uploads\/2025\/05\/Bergheim_Glessen_Wohnung_03_EG_vekauft-150x150.png\" class=\"attachment-thumbnail size-thumbnail\" alt=\"Objekt Bergheim Glessen, Wohnung 3, EG\" aria-describedby=\"gallery-2-3167\" srcset=\"https:\/\/www.plan8.de\/wp-content\/uploads\/2025\/05\/Bergheim_Glessen_Wohnung_03_EG_vekauft-150x150.png 150w, https:\/\/www.plan8.de\/wp-content\/uploads\/2025\/05\/Bergheim_Glessen_Wohnung_03_EG_vekauft-600x600.png 600w\" sizes=\"(max-width: 150px) 100vw, 150px\" \/><\/a>\n\t\t\t<\/div>\n\t\t\t\t<figcaption class='wp-caption-text gallery-caption' id='gallery-2-3167'>\n\t\t\t\tObjekt Bergheim Glessen, Wohnung 3, EG\n\t\t\t\t<\/figcaption><\/figure><figure class='gallery-item'>\n\t\t\t<div class='gallery-icon portrait'>\n\t\t\t\t<a data-elementor-open-lightbox=\"no\" href='https:\/\/www.plan8.de\/wp-content\/uploads\/2024\/10\/Bergheim_Glessen_Wohnung_04_EG_verkauft.png'><img loading=\"lazy\" decoding=\"async\" width=\"150\" height=\"150\" src=\"https:\/\/www.plan8.de\/wp-content\/uploads\/2024\/10\/Bergheim_Glessen_Wohnung_04_EG_verkauft-150x150.png\" class=\"attachment-thumbnail size-thumbnail\" alt=\"Objekt Bergheim Glessen, Wohnung 4, EG\" aria-describedby=\"gallery-2-3015\" srcset=\"https:\/\/www.plan8.de\/wp-content\/uploads\/2024\/10\/Bergheim_Glessen_Wohnung_04_EG_verkauft-150x150.png 150w, https:\/\/www.plan8.de\/wp-content\/uploads\/2024\/10\/Bergheim_Glessen_Wohnung_04_EG_verkauft-600x600.png 600w\" sizes=\"(max-width: 150px) 100vw, 150px\" \/><\/a>\n\t\t\t<\/div>\n\t\t\t\t<figcaption class='wp-caption-text gallery-caption' id='gallery-2-3015'>\n\t\t\t\tObjekt Bergheim Glessen, Wohnung 4, EG\n\t\t\t\t<\/figcaption><\/figure><figure class='gallery-item'>\n\t\t\t<div class='gallery-icon portrait'>\n\t\t\t\t<a data-elementor-open-lightbox=\"no\" href='https:\/\/www.plan8.de\/wp-content\/uploads\/2024\/10\/Bergheim_Glessen_Wohnung_05_EG_verkauft.png'><img loading=\"lazy\" decoding=\"async\" width=\"150\" height=\"150\" src=\"https:\/\/www.plan8.de\/wp-content\/uploads\/2024\/10\/Bergheim_Glessen_Wohnung_05_EG_verkauft-150x150.png\" class=\"attachment-thumbnail size-thumbnail\" alt=\"Objekt Bergheim Glessen, Wohnung 5, EG\" aria-describedby=\"gallery-2-3016\" srcset=\"https:\/\/www.plan8.de\/wp-content\/uploads\/2024\/10\/Bergheim_Glessen_Wohnung_05_EG_verkauft-150x150.png 150w, https:\/\/www.plan8.de\/wp-content\/uploads\/2024\/10\/Bergheim_Glessen_Wohnung_05_EG_verkauft-600x600.png 600w\" sizes=\"(max-width: 150px) 100vw, 150px\" \/><\/a>\n\t\t\t<\/div>\n\t\t\t\t<figcaption class='wp-caption-text gallery-caption' id='gallery-2-3016'>\n\t\t\t\tObjekt Bergheim Glessen, Wohnung 5, EG\n\t\t\t\t<\/figcaption><\/figure><figure class='gallery-item'>\n\t\t\t<div class='gallery-icon portrait'>\n\t\t\t\t<a data-elementor-open-lightbox=\"no\" href='https:\/\/www.plan8.de\/wp-content\/uploads\/2025\/05\/Bergheim_Glessen_Wohnung_06_1_verkauft.png'><img loading=\"lazy\" decoding=\"async\" width=\"150\" height=\"150\" src=\"https:\/\/www.plan8.de\/wp-content\/uploads\/2025\/05\/Bergheim_Glessen_Wohnung_06_1_verkauft-150x150.png\" class=\"attachment-thumbnail size-thumbnail\" alt=\"Objekt Bergheim Glessen, Wohnung 6, 1. OG\" aria-describedby=\"gallery-2-3168\" srcset=\"https:\/\/www.plan8.de\/wp-content\/uploads\/2025\/05\/Bergheim_Glessen_Wohnung_06_1_verkauft-150x150.png 150w, https:\/\/www.plan8.de\/wp-content\/uploads\/2025\/05\/Bergheim_Glessen_Wohnung_06_1_verkauft-600x600.png 600w\" sizes=\"(max-width: 150px) 100vw, 150px\" \/><\/a>\n\t\t\t<\/div>\n\t\t\t\t<figcaption class='wp-caption-text gallery-caption' id='gallery-2-3168'>\n\t\t\t\tObjekt Bergheim Glessen, Wohnung 6, 1. OG\n\t\t\t\t<\/figcaption><\/figure><figure class='gallery-item'>\n\t\t\t<div class='gallery-icon portrait'>\n\t\t\t\t<a data-elementor-open-lightbox=\"no\" href='https:\/\/www.plan8.de\/wp-content\/uploads\/2025\/05\/Bergheim_Glessen_Wohnung_07_1_verkauft.png'><img loading=\"lazy\" decoding=\"async\" width=\"150\" height=\"150\" src=\"https:\/\/www.plan8.de\/wp-content\/uploads\/2025\/05\/Bergheim_Glessen_Wohnung_07_1_verkauft-150x150.png\" class=\"attachment-thumbnail size-thumbnail\" alt=\"Objekt Bergheim Glessen, Wohnung 7, 1. OG\" aria-describedby=\"gallery-2-3169\" srcset=\"https:\/\/www.plan8.de\/wp-content\/uploads\/2025\/05\/Bergheim_Glessen_Wohnung_07_1_verkauft-150x150.png 150w, https:\/\/www.plan8.de\/wp-content\/uploads\/2025\/05\/Bergheim_Glessen_Wohnung_07_1_verkauft-600x600.png 600w\" sizes=\"(max-width: 150px) 100vw, 150px\" \/><\/a>\n\t\t\t<\/div>\n\t\t\t\t<figcaption class='wp-caption-text gallery-caption' id='gallery-2-3169'>\n\t\t\t\tObjekt Bergheim Glessen, Wohnung 7, 1. OG\n\t\t\t\t<\/figcaption><\/figure><figure class='gallery-item'>\n\t\t\t<div class='gallery-icon portrait'>\n\t\t\t\t<a data-elementor-open-lightbox=\"no\" href='https:\/\/www.plan8.de\/wp-content\/uploads\/2025\/05\/Bergheim_Glessen_Wohnung_08_1_verkauft.png'><img loading=\"lazy\" decoding=\"async\" width=\"150\" height=\"150\" src=\"https:\/\/www.plan8.de\/wp-content\/uploads\/2025\/05\/Bergheim_Glessen_Wohnung_08_1_verkauft-150x150.png\" class=\"attachment-thumbnail size-thumbnail\" alt=\"Objekt Bergheim Glessen, Wohnung 8, 1. OG\" aria-describedby=\"gallery-2-3170\" srcset=\"https:\/\/www.plan8.de\/wp-content\/uploads\/2025\/05\/Bergheim_Glessen_Wohnung_08_1_verkauft-150x150.png 150w, https:\/\/www.plan8.de\/wp-content\/uploads\/2025\/05\/Bergheim_Glessen_Wohnung_08_1_verkauft-600x600.png 600w\" sizes=\"(max-width: 150px) 100vw, 150px\" \/><\/a>\n\t\t\t<\/div>\n\t\t\t\t<figcaption class='wp-caption-text gallery-caption' id='gallery-2-3170'>\n\t\t\t\tObjekt Bergheim Glessen, Wohnung 8, 1. OG\n\t\t\t\t<\/figcaption><\/figure><figure class='gallery-item'>\n\t\t\t<div class='gallery-icon portrait'>\n\t\t\t\t<a data-elementor-open-lightbox=\"no\" href='https:\/\/www.plan8.de\/wp-content\/uploads\/2024\/08\/Bergheim_Glessen_Wohnung_09_1.OG_.png'><img loading=\"lazy\" decoding=\"async\" width=\"150\" height=\"150\" src=\"https:\/\/www.plan8.de\/wp-content\/uploads\/2024\/08\/Bergheim_Glessen_Wohnung_09_1.OG_-150x150.png\" class=\"attachment-thumbnail size-thumbnail\" alt=\"Objekt Bergheim Glessen, Wohnung 9, 1. OG\" aria-describedby=\"gallery-2-3008\" srcset=\"https:\/\/www.plan8.de\/wp-content\/uploads\/2024\/08\/Bergheim_Glessen_Wohnung_09_1.OG_-150x150.png 150w, https:\/\/www.plan8.de\/wp-content\/uploads\/2024\/08\/Bergheim_Glessen_Wohnung_09_1.OG_-600x600.png 600w\" sizes=\"(max-width: 150px) 100vw, 150px\" \/><\/a>\n\t\t\t<\/div>\n\t\t\t\t<figcaption class='wp-caption-text gallery-caption' id='gallery-2-3008'>\n\t\t\t\tObjekt Bergheim Glessen, Wohnung 9, 1. OG\n\t\t\t\t<\/figcaption><\/figure><figure class='gallery-item'>\n\t\t\t<div class='gallery-icon portrait'>\n\t\t\t\t<a data-elementor-open-lightbox=\"no\" href='https:\/\/www.plan8.de\/wp-content\/uploads\/2025\/05\/Bergheim_Glessen_Wohnung_10_1_verkauft.png'><img loading=\"lazy\" decoding=\"async\" width=\"150\" height=\"150\" src=\"https:\/\/www.plan8.de\/wp-content\/uploads\/2025\/05\/Bergheim_Glessen_Wohnung_10_1_verkauft-150x150.png\" class=\"attachment-thumbnail size-thumbnail\" alt=\"Objekt Bergheim Glessen, Wohnung 10, 1. OG\" aria-describedby=\"gallery-2-3171\" srcset=\"https:\/\/www.plan8.de\/wp-content\/uploads\/2025\/05\/Bergheim_Glessen_Wohnung_10_1_verkauft-150x150.png 150w, https:\/\/www.plan8.de\/wp-content\/uploads\/2025\/05\/Bergheim_Glessen_Wohnung_10_1_verkauft-600x600.png 600w\" sizes=\"(max-width: 150px) 100vw, 150px\" \/><\/a>\n\t\t\t<\/div>\n\t\t\t\t<figcaption class='wp-caption-text gallery-caption' id='gallery-2-3171'>\n\t\t\t\tObjekt Bergheim Glessen, Wohnung 10, 1. OG\n\t\t\t\t<\/figcaption><\/figure><figure class='gallery-item'>\n\t\t\t<div class='gallery-icon portrait'>\n\t\t\t\t<a data-elementor-open-lightbox=\"no\" href='https:\/\/www.plan8.de\/wp-content\/uploads\/2024\/10\/Bergheim_Glessen_Wohnung_11_DG_verkauft.png'><img loading=\"lazy\" decoding=\"async\" width=\"150\" height=\"150\" src=\"https:\/\/www.plan8.de\/wp-content\/uploads\/2024\/10\/Bergheim_Glessen_Wohnung_11_DG_verkauft-150x150.png\" class=\"attachment-thumbnail size-thumbnail\" alt=\"Objekt Bergheim Glessen, Wohnung 11, DG\" aria-describedby=\"gallery-2-3017\" srcset=\"https:\/\/www.plan8.de\/wp-content\/uploads\/2024\/10\/Bergheim_Glessen_Wohnung_11_DG_verkauft-150x150.png 150w, https:\/\/www.plan8.de\/wp-content\/uploads\/2024\/10\/Bergheim_Glessen_Wohnung_11_DG_verkauft-600x600.png 600w\" sizes=\"(max-width: 150px) 100vw, 150px\" \/><\/a>\n\t\t\t<\/div>\n\t\t\t\t<figcaption class='wp-caption-text gallery-caption' id='gallery-2-3017'>\n\t\t\t\tObjekt Bergheim Glessen, Wohnung 11, DG\n\t\t\t\t<\/figcaption><\/figure><figure class='gallery-item'>\n\t\t\t<div class='gallery-icon portrait'>\n\t\t\t\t<a data-elementor-open-lightbox=\"no\" href='https:\/\/www.plan8.de\/wp-content\/uploads\/2024\/10\/Bergheim_Glessen_Wohnung_12_DG_verkauft.png'><img loading=\"lazy\" decoding=\"async\" width=\"150\" height=\"150\" src=\"https:\/\/www.plan8.de\/wp-content\/uploads\/2024\/10\/Bergheim_Glessen_Wohnung_12_DG_verkauft-150x150.png\" class=\"attachment-thumbnail size-thumbnail\" alt=\"Objekt Bergheim Glessen, Wohnung 12, DG\" aria-describedby=\"gallery-2-3018\" srcset=\"https:\/\/www.plan8.de\/wp-content\/uploads\/2024\/10\/Bergheim_Glessen_Wohnung_12_DG_verkauft-150x150.png 150w, https:\/\/www.plan8.de\/wp-content\/uploads\/2024\/10\/Bergheim_Glessen_Wohnung_12_DG_verkauft-600x600.png 600w\" sizes=\"(max-width: 150px) 100vw, 150px\" \/><\/a>\n\t\t\t<\/div>\n\t\t\t\t<figcaption class='wp-caption-text gallery-caption' id='gallery-2-3018'>\n\t\t\t\tObjekt Bergheim Glessen, Wohnung 12, DG\n\t\t\t\t<\/figcaption><\/figure><figure class='gallery-item'>\n\t\t\t<div class='gallery-icon portrait'>\n\t\t\t\t<a data-elementor-open-lightbox=\"no\" href='https:\/\/www.plan8.de\/wp-content\/uploads\/2024\/08\/Bergheim_Glessen_Wohnung_13_DG.png'><img loading=\"lazy\" decoding=\"async\" width=\"150\" height=\"150\" src=\"https:\/\/www.plan8.de\/wp-content\/uploads\/2024\/08\/Bergheim_Glessen_Wohnung_13_DG-150x150.png\" class=\"attachment-thumbnail size-thumbnail\" alt=\"Objekt Bergheim Glessen, Wohnung 13, DG\" aria-describedby=\"gallery-2-2997\" srcset=\"https:\/\/www.plan8.de\/wp-content\/uploads\/2024\/08\/Bergheim_Glessen_Wohnung_13_DG-150x150.png 150w, https:\/\/www.plan8.de\/wp-content\/uploads\/2024\/08\/Bergheim_Glessen_Wohnung_13_DG-600x600.png 600w\" sizes=\"(max-width: 150px) 100vw, 150px\" \/><\/a>\n\t\t\t<\/div>\n\t\t\t\t<figcaption class='wp-caption-text gallery-caption' id='gallery-2-2997'>\n\t\t\t\tObjekt Bergheim Glessen, Wohnung 13, DG\n\t\t\t\t<\/figcaption><\/figure><figure class='gallery-item'>\n\t\t\t<div class='gallery-icon landscape'>\n\t\t\t\t<a data-elementor-open-lightbox=\"no\" href='https:\/\/www.plan8.de\/wp-content\/uploads\/2025\/05\/Bergheim_Penthouse_Teaser.jpg'><img loading=\"lazy\" decoding=\"async\" width=\"150\" height=\"150\" src=\"https:\/\/www.plan8.de\/wp-content\/uploads\/2025\/05\/Bergheim_Penthouse_Teaser-150x150.jpg\" class=\"attachment-thumbnail size-thumbnail\" alt=\"Objekt Bergheim Glessen, Wohnung 13, DG\" aria-describedby=\"gallery-2-3194\" \/><\/a>\n\t\t\t<\/div>\n\t\t\t\t<figcaption class='wp-caption-text gallery-caption' id='gallery-2-3194'>\n\t\t\t\tObjekt Bergheim Glessen, Wohnung 13, DG\n\t\t\t\t<\/figcaption><\/figure><figure class='gallery-item'>\n\t\t\t<div class='gallery-icon portrait'>\n\t\t\t\t<a data-elementor-open-lightbox=\"no\" href='https:\/\/www.plan8.de\/wp-content\/uploads\/2024\/08\/2024_06_Katalog_plan8_im_Tal_Keller_900.png'><img loading=\"lazy\" decoding=\"async\" width=\"150\" height=\"150\" src=\"https:\/\/www.plan8.de\/wp-content\/uploads\/2024\/08\/2024_06_Katalog_plan8_im_Tal_Keller_900-150x150.png\" class=\"attachment-thumbnail size-thumbnail\" alt=\"Objekt Bergheim Glessen, Lageplan Kellergeschoss\" aria-describedby=\"gallery-2-2998\" srcset=\"https:\/\/www.plan8.de\/wp-content\/uploads\/2024\/08\/2024_06_Katalog_plan8_im_Tal_Keller_900-150x150.png 150w, https:\/\/www.plan8.de\/wp-content\/uploads\/2024\/08\/2024_06_Katalog_plan8_im_Tal_Keller_900-600x600.png 600w\" sizes=\"(max-width: 150px) 100vw, 150px\" \/><\/a>\n\t\t\t<\/div>\n\t\t\t\t<figcaption class='wp-caption-text gallery-caption' id='gallery-2-2998'>\n\t\t\t\tObjekt Bergheim Glessen, Lageplan Kellergeschoss\n\t\t\t\t<\/figcaption><\/figure>\n\t\t<\/div>\n\t\t<\/div>\n\t\t\t\t\t\t<\/div>\n\t\t\t\t<\/div>\n\t\t\t\t<section class=\"elementor-section elementor-inner-section elementor-element elementor-element-5d184a0 elementor-section-boxed elementor-section-height-default elementor-section-height-default\" data-id=\"5d184a0\" data-element_type=\"section\" data-e-type=\"section\">\n\t\t\t\t\t\t<div class=\"elementor-container elementor-column-gap-default\">\n\t\t\t\t\t<div class=\"elementor-column elementor-col-100 elementor-inner-column elementor-element elementor-element-6f7658e\" data-id=\"6f7658e\" data-element_type=\"column\" data-e-type=\"column\">\n\t\t\t<div class=\"elementor-widget-wrap elementor-element-populated\">\n\t\t\t\t\t\t<div class=\"elementor-element elementor-element-6cd8f2b elementor-widget elementor-widget-heading\" data-id=\"6cd8f2b\" data-element_type=\"widget\" data-e-type=\"widget\" data-widget_type=\"heading.default\">\n\t\t\t\t<div class=\"elementor-widget-container\">\n\t\t\t\t\t<h1 class=\"elementor-heading-title elementor-size-default\">Lageplan<\/h1>\t\t\t\t<\/div>\n\t\t\t\t<\/div>\n\t\t\t\t<div class=\"elementor-element elementor-element-58cd3eb elementor-widget elementor-widget-image-gallery\" data-id=\"58cd3eb\" data-element_type=\"widget\" data-e-type=\"widget\" data-widget_type=\"image-gallery.default\">\n\t\t\t\t<div class=\"elementor-widget-container\">\n\t\t\t\t\t\t\t<div class=\"elementor-image-gallery\">\n\t\t\t<div id='gallery-3' class='gallery galleryid-2892 gallery-columns-4 gallery-size-thumbnail'><figure class='gallery-item'>\n\t\t\t<div class='gallery-icon portrait'>\n\t\t\t\t<a data-elementor-open-lightbox=\"no\" href='https:\/\/www.plan8.de\/wp-content\/uploads\/2024\/08\/2024_06_Katalog_plan8_im_Tal_Lageplan_900.png'><img loading=\"lazy\" decoding=\"async\" width=\"150\" height=\"150\" src=\"https:\/\/www.plan8.de\/wp-content\/uploads\/2024\/08\/2024_06_Katalog_plan8_im_Tal_Lageplan_900-150x150.png\" class=\"attachment-thumbnail size-thumbnail\" alt=\"Objekt Bergheim Glessen, Lageplan\" aria-describedby=\"gallery-3-3002\" srcset=\"https:\/\/www.plan8.de\/wp-content\/uploads\/2024\/08\/2024_06_Katalog_plan8_im_Tal_Lageplan_900-150x150.png 150w, https:\/\/www.plan8.de\/wp-content\/uploads\/2024\/08\/2024_06_Katalog_plan8_im_Tal_Lageplan_900-600x600.png 600w\" sizes=\"(max-width: 150px) 100vw, 150px\" \/><\/a>\n\t\t\t<\/div>\n\t\t\t\t<figcaption class='wp-caption-text gallery-caption' id='gallery-3-3002'>\n\t\t\t\tObjekt Bergheim Glessen, Lageplan\n\t\t\t\t<\/figcaption><\/figure>\n\t\t<\/div>\n\t\t<\/div>\n\t\t\t\t\t\t<\/div>\n\t\t\t\t<\/div>\n\t\t\t\t\t<\/div>\n\t\t<\/div>\n\t\t\t\t\t<\/div>\n\t\t<\/section>\n\t\t\t\t\t<\/div>\n\t\t<\/div>\n\t\t\t\t\t<\/div>\n\t\t<\/section>\n\t\t\t\t<section class=\"elementor-section elementor-top-section elementor-element elementor-element-e26a299 elementor-section-height-min-height elementor-section-boxed elementor-section-height-default elementor-section-items-middle\" data-id=\"e26a299\" data-element_type=\"section\" data-e-type=\"section\" data-settings=\"{&quot;background_background&quot;:&quot;classic&quot;}\">\n\t\t\t\t\t\t<div class=\"elementor-container elementor-column-gap-default\">\n\t\t\t\t\t<div class=\"elementor-column elementor-col-100 elementor-top-column elementor-element elementor-element-7714ee1\" data-id=\"7714ee1\" data-element_type=\"column\" data-e-type=\"column\">\n\t\t\t<div class=\"elementor-widget-wrap elementor-element-populated\">\n\t\t\t\t\t\t<section class=\"elementor-section elementor-inner-section elementor-element elementor-element-34565b1 elementor-section-boxed elementor-section-height-default elementor-section-height-default\" data-id=\"34565b1\" data-element_type=\"section\" data-e-type=\"section\">\n\t\t\t\t\t\t<div class=\"elementor-container elementor-column-gap-default\">\n\t\t\t\t\t<div class=\"elementor-column elementor-col-100 elementor-inner-column elementor-element elementor-element-edd7299\" data-id=\"edd7299\" data-element_type=\"column\" data-e-type=\"column\">\n\t\t\t<div class=\"elementor-widget-wrap elementor-element-populated\">\n\t\t\t\t\t\t<div class=\"elementor-element elementor-element-e0f9d47 elementor-widget elementor-widget-heading\" data-id=\"e0f9d47\" data-element_type=\"widget\" data-e-type=\"widget\" data-widget_type=\"heading.default\">\n\t\t\t\t<div class=\"elementor-widget-container\">\n\t\t\t\t\t<h1 class=\"elementor-heading-title elementor-size-default\">Finanzierungsbeispiele<\/h1>\t\t\t\t<\/div>\n\t\t\t\t<\/div>\n\t\t\t\t<div class=\"elementor-element elementor-element-2289a7d elementor-widget elementor-widget-image-gallery\" data-id=\"2289a7d\" data-element_type=\"widget\" data-e-type=\"widget\" data-widget_type=\"image-gallery.default\">\n\t\t\t\t<div class=\"elementor-widget-container\">\n\t\t\t\t\t\t\t<div class=\"elementor-image-gallery\">\n\t\t\t<div id='gallery-4' class='gallery galleryid-2892 gallery-columns-4 gallery-size-thumbnail'><figure class='gallery-item'>\n\t\t\t<div class='gallery-icon portrait'>\n\t\t\t\t<a data-elementor-open-lightbox=\"no\" href='https:\/\/www.plan8.de\/wp-content\/uploads\/2024\/07\/Finanzierungsbeispiel_01.png'><img loading=\"lazy\" decoding=\"async\" width=\"150\" height=\"150\" src=\"https:\/\/www.plan8.de\/wp-content\/uploads\/2024\/07\/Finanzierungsbeispiel_01-150x150.png\" class=\"attachment-thumbnail size-thumbnail\" alt=\"Finanzierungsbeispiel 3-Zimmer-Wohnung Dachgeschoss, ca. 84 m\u00b2\" aria-describedby=\"gallery-4-2914\" srcset=\"https:\/\/www.plan8.de\/wp-content\/uploads\/2024\/07\/Finanzierungsbeispiel_01-150x150.png 150w, https:\/\/www.plan8.de\/wp-content\/uploads\/2024\/07\/Finanzierungsbeispiel_01-600x600.png 600w\" sizes=\"(max-width: 150px) 100vw, 150px\" \/><\/a>\n\t\t\t<\/div>\n\t\t\t\t<figcaption class='wp-caption-text gallery-caption' id='gallery-4-2914'>\n\t\t\t\tFinanzierungsbeispiel 3-Zimmer-Wohnung Dachgeschoss, ca. 84 m\u00b2\n\t\t\t\t<\/figcaption><\/figure><figure class='gallery-item'>\n\t\t\t<div class='gallery-icon portrait'>\n\t\t\t\t<a data-elementor-open-lightbox=\"no\" href='https:\/\/www.plan8.de\/wp-content\/uploads\/2024\/07\/Finanzierungsbeispiel_02.png'><img loading=\"lazy\" decoding=\"async\" width=\"150\" height=\"150\" src=\"https:\/\/www.plan8.de\/wp-content\/uploads\/2024\/07\/Finanzierungsbeispiel_02-150x150.png\" class=\"attachment-thumbnail size-thumbnail\" alt=\"Finanzierungsbeispiel 3-Zimmer-Wohnung Erdgeschoss, ca. 53 m\u00b2\" aria-describedby=\"gallery-4-2915\" srcset=\"https:\/\/www.plan8.de\/wp-content\/uploads\/2024\/07\/Finanzierungsbeispiel_02-150x150.png 150w, https:\/\/www.plan8.de\/wp-content\/uploads\/2024\/07\/Finanzierungsbeispiel_02-600x600.png 600w\" sizes=\"(max-width: 150px) 100vw, 150px\" \/><\/a>\n\t\t\t<\/div>\n\t\t\t\t<figcaption class='wp-caption-text gallery-caption' id='gallery-4-2915'>\n\t\t\t\tFinanzierungsbeispiel 3-Zimmer-Wohnung Erdgeschoss, ca. 53 m\u00b2\n\t\t\t\t<\/figcaption><\/figure>\n\t\t<\/div>\n\t\t<\/div>\n\t\t\t\t\t\t<\/div>\n\t\t\t\t<\/div>\n\t\t\t\t\t<\/div>\n\t\t<\/div>\n\t\t\t\t\t<\/div>\n\t\t<\/section>\n\t\t\t\t<div class=\"elementor-element elementor-element-3c9a69c elementor-widget elementor-widget-heading\" data-id=\"3c9a69c\" data-element_type=\"widget\" data-e-type=\"widget\" data-widget_type=\"heading.default\">\n\t\t\t\t<div class=\"elementor-widget-container\">\n\t\t\t\t\t<h1 class=\"elementor-heading-title elementor-size-default\"><a href=\"https:\/\/www.mpp-pe.de\/projekte\/im-tal-40\/\" target=\"_blank\"><span style=\"color: #2d87be;font-weight: 300\">Projektentwicklungsgesellschaft:<br>\n<img decoding=\"async\" src=\"https:\/\/www.plan8.de\/wp-content\/uploads\/2024\/07\/logo_MPP-160x67-1.png\"><br>\nMPP GmbH, Auf dem Driesch 9, 50259 Pulheim<br>\nFon     02238 94 17 567 | Fax      02238 94 17 568<br>\ninfo@mpp-pe.de | www.mpp-pe.de\n<\/span><\/a><\/h1>\t\t\t\t<\/div>\n\t\t\t\t<\/div>\n\t\t\t\t<div class=\"elementor-element elementor-element-4c556cc zero-space elementor-widget elementor-widget-heading\" data-id=\"4c556cc\" data-element_type=\"widget\" data-e-type=\"widget\" data-widget_type=\"heading.default\">\n\t\t\t\t<div class=\"elementor-widget-container\">\n\t\t\t\t\t<h1 class=\"elementor-heading-title elementor-size-default\">Ihre Anfrage zum Objekt &bdquo;Tal 40\u00b2 \u2013 Leben in Glessen&ldquo;<\/h1>\t\t\t\t<\/div>\n\t\t\t\t<\/div>\n\t\t\t\t<div class=\"elementor-element elementor-element-ea2428b elementor-widget elementor-widget-shortcode\" data-id=\"ea2428b\" data-element_type=\"widget\" data-e-type=\"widget\" data-widget_type=\"shortcode.default\">\n\t\t\t\t<div class=\"elementor-widget-container\">\n\t\t\t\t\t\t\t<div class=\"elementor-shortcode\">\n<div class=\"wpcf7 no-js\" id=\"wpcf7-f2923-o1\" lang=\"de-DE\" dir=\"ltr\" data-wpcf7-id=\"2923\">\n<div class=\"screen-reader-response\"><p role=\"status\" aria-live=\"polite\" aria-atomic=\"true\"><\/p> <ul><\/ul><\/div>\n<form action=\"\/index.php?rest_route=%2Fwp%2Fv2%2Fpages%2F2892#wpcf7-f2923-o1\" method=\"post\" class=\"wpcf7-form init\" aria-label=\"Kontaktformular\" novalidate=\"novalidate\" data-status=\"init\">\n<fieldset class=\"hidden-fields-container\"><input type=\"hidden\" name=\"_wpcf7\" value=\"2923\" \/><input type=\"hidden\" name=\"_wpcf7_version\" value=\"6.1.5\" \/><input type=\"hidden\" name=\"_wpcf7_locale\" value=\"de_DE_formal\" \/><input type=\"hidden\" name=\"_wpcf7_unit_tag\" value=\"wpcf7-f2923-o1\" \/><input type=\"hidden\" name=\"_wpcf7_container_post\" value=\"0\" \/><input type=\"hidden\" name=\"_wpcf7_posted_data_hash\" value=\"\" \/>\n<\/fieldset>\n<p><label> Name <span class=\"star\">*<\/span><br \/>\n<span class=\"wpcf7-form-control-wrap\" data-name=\"your-name\"><input size=\"40\" maxlength=\"400\" class=\"wpcf7-form-control wpcf7-text wpcf7-validates-as-required\" aria-required=\"true\" aria-invalid=\"false\" value=\"\" type=\"text\" name=\"your-name\" \/><\/span> <\/label>\n<\/p>\n<p><label> Telefon (tags\u00fcber)<br \/>\n<span class=\"wpcf7-form-control-wrap\" data-name=\"tel-385\"><input size=\"40\" maxlength=\"400\" class=\"wpcf7-form-control wpcf7-tel wpcf7-text wpcf7-validates-as-tel\" aria-invalid=\"false\" value=\"\" type=\"tel\" name=\"tel-385\" \/><\/span> <\/label>\n<\/p>\n<p><label> E-Mail <span class=\"star\">*<\/span><br \/>\n<span class=\"wpcf7-form-control-wrap\" data-name=\"your-email\"><input size=\"40\" maxlength=\"400\" class=\"wpcf7-form-control wpcf7-email wpcf7-validates-as-required wpcf7-text wpcf7-validates-as-email\" aria-required=\"true\" aria-invalid=\"false\" value=\"\" type=\"email\" name=\"your-email\" \/><\/span> <\/label>\n<\/p>\n<p><label> Betreff <span class=\"star\">*<\/span><br \/>\n<span class=\"wpcf7-form-control-wrap\" data-name=\"your-subject\"><input size=\"40\" maxlength=\"400\" class=\"wpcf7-form-control wpcf7-text wpcf7-validates-as-required\" aria-required=\"true\" aria-invalid=\"false\" value=\"\" type=\"text\" name=\"your-subject\" \/><\/span> <\/label>\n<\/p>\n<p><label> Kommentar oder Nachricht<br \/>\n<span class=\"wpcf7-form-control-wrap\" data-name=\"your-message\"><textarea cols=\"40\" rows=\"10\" maxlength=\"2000\" class=\"wpcf7-form-control wpcf7-textarea\" aria-invalid=\"false\" name=\"your-message\"><\/textarea><\/span> <\/label>\n<\/p>\n<p><input class=\"wpcf7-form-control wpcf7-submit has-spinner\" type=\"submit\" value=\"Senden\" \/>\n<\/p>\n<p><span class=\"wpcf7-form-control-wrap kc_captcha cf7ic-toggle\" data-name=\"kc_captcha\"><span class=\"wpcf7-form-control wpcf7-radio\"><span class=\"captcha-image\" style=\"display: none;\"><span class=\"cf7ic_instructions\">Bitte beweisen Sie, dass Sie kein Spambot sind und w\u00e4hlen Sie das Symbol<span> Flugzeug<\/span>.<\/span><label><input aria-label=\"1\" type=\"radio\" name=\"kc_captcha\" value=\"bot\" \/><svg aria-hidden=\"true\" role=\"img\" xmlns=\"http:\/\/www.w3.org\/2000\/svg\" viewBox=\"0 0 576 512\"><path fill=\"currentColor\" d=\"M415 24c-53 0-103 42-127 65-24-23-74-65-127-65C70 24 16 77 16 166c0 72 67 133 69 135l187 181c9 8 23 8 32 0l187-180c2-3 69-64 69-136 0-89-54-142-145-142z\"\/><\/svg><\/label><label><input aria-label=\"2\" type=\"radio\" name=\"kc_captcha\" value=\"bot\" \/><svg aria-hidden=\"true\" role=\"img\" xmlns=\"http:\/\/www.w3.org\/2000\/svg\" viewBox=\"0 0 640 512\"><path fill=\"currentColor\" d=\"M192 384h192c53 0 96-43 96-96h32a128 128 0 000-256H120c-13 0-24 11-24 24v232c0 53 43 96 96 96zM512 96a64 64 0 010 128h-32V96h32zm48 384H48c-47 0-61-64-36-64h584c25 0 11 64-36 64z\"\/><\/svg><\/label><label><input aria-label=\"3\" type=\"radio\" name=\"kc_captcha\" value=\"kc_human\" \/><svg aria-hidden=\"true\" role=\"img\" xmlns=\"http:\/\/www.w3.org\/2000\/svg\" viewBox=\"0 0 576 512\"><path fill=\"currentColor\" d=\"M472 200H360L256 6a12 12 0 00-10-6h-58c-8 0-14 7-12 15l34 185H100l-35-58a12 12 0 00-10-6H12c-8 0-13 7-12 14l21 106L0 362c-1 7 4 14 12 14h43c4 0 8-2 10-6l35-58h110l-34 185c-2 8 4 15 12 15h58a12 12 0 0010-6l104-194h112c57 0 104-25 104-56s-47-56-104-56z\"\/><\/svg><\/label>\r\n    <\/span>\r\n    <span style=\"display:none\">\r\n        <input type=\"text\" name=\"kc_honeypot\">\r\n    <\/span><\/span><\/span>\n<\/p><div class=\"wpcf7-response-output\" aria-hidden=\"true\"><\/div>\n<\/form>\n<\/div>\n<\/div>\n\t\t\t\t\t\t<\/div>\n\t\t\t\t<\/div>\n\t\t\t\t\t<\/div>\n\t\t<\/div>\n\t\t\t\t\t<\/div>\n\t\t<\/section>\n\t\t\t\t<section class=\"elementor-section elementor-top-section elementor-element elementor-element-9c372de elementor-section-height-min-height elementor-section-boxed elementor-section-height-default elementor-section-items-middle\" data-id=\"9c372de\" data-element_type=\"section\" data-e-type=\"section\" data-settings=\"{&quot;background_background&quot;:&quot;classic&quot;}\">\n\t\t\t\t\t\t<div class=\"elementor-container elementor-column-gap-default\">\n\t\t\t\t\t<div class=\"elementor-column elementor-col-100 elementor-top-column elementor-element elementor-element-a8f283d\" data-id=\"a8f283d\" data-element_type=\"column\" data-e-type=\"column\">\n\t\t\t<div class=\"elementor-widget-wrap elementor-element-populated\">\n\t\t\t\t\t\t<div class=\"elementor-element elementor-element-51d323a elementor-widget elementor-widget-spacer\" data-id=\"51d323a\" data-element_type=\"widget\" data-e-type=\"widget\" data-widget_type=\"spacer.default\">\n\t\t\t\t<div class=\"elementor-widget-container\">\n\t\t\t\t\t\t\t<div class=\"elementor-spacer\">\n\t\t\t<div class=\"elementor-spacer-inner\"><\/div>\n\t\t<\/div>\n\t\t\t\t\t\t<\/div>\n\t\t\t\t<\/div>\n\t\t\t\t<section class=\"elementor-section elementor-inner-section elementor-element elementor-element-576cdf8 elementor-section-boxed elementor-section-height-default elementor-section-height-default\" data-id=\"576cdf8\" data-element_type=\"section\" data-e-type=\"section\">\n\t\t\t\t\t\t<div class=\"elementor-container elementor-column-gap-default\">\n\t\t\t\t\t<div class=\"elementor-column elementor-col-50 elementor-inner-column elementor-element elementor-element-d75276e\" data-id=\"d75276e\" data-element_type=\"column\" data-e-type=\"column\">\n\t\t\t<div class=\"elementor-widget-wrap elementor-element-populated\">\n\t\t\t\t\t\t<div class=\"elementor-element elementor-element-2610e00 elementor-widget elementor-widget-heading\" data-id=\"2610e00\" data-element_type=\"widget\" data-e-type=\"widget\" data-widget_type=\"heading.default\">\n\t\t\t\t<div class=\"elementor-widget-container\">\n\t\t\t\t\t<h2 class=\"elementor-heading-title elementor-size-default\">35 Jahre Erfahrung: <br>Immobilien = plan8<\/h2>\t\t\t\t<\/div>\n\t\t\t\t<\/div>\n\t\t\t\t\t<\/div>\n\t\t<\/div>\n\t\t\t\t<div class=\"elementor-column elementor-col-50 elementor-inner-column elementor-element elementor-element-71e1b1e\" data-id=\"71e1b1e\" data-element_type=\"column\" data-e-type=\"column\">\n\t\t\t<div class=\"elementor-widget-wrap\">\n\t\t\t\t\t\t\t<\/div>\n\t\t<\/div>\n\t\t\t\t\t<\/div>\n\t\t<\/section>\n\t\t\t\t<div class=\"elementor-element elementor-element-f3fbf3c elementor-widget elementor-widget-spacer\" data-id=\"f3fbf3c\" data-element_type=\"widget\" data-e-type=\"widget\" data-widget_type=\"spacer.default\">\n\t\t\t\t<div class=\"elementor-widget-container\">\n\t\t\t\t\t\t\t<div class=\"elementor-spacer\">\n\t\t\t<div class=\"elementor-spacer-inner\"><\/div>\n\t\t<\/div>\n\t\t\t\t\t\t<\/div>\n\t\t\t\t<\/div>\n\t\t\t\t\t<\/div>\n\t\t<\/div>\n\t\t\t\t\t<\/div>\n\t\t<\/section>\n\t\t\t\t<section class=\"elementor-section elementor-top-section elementor-element elementor-element-84efd65 elementor-section-height-min-height elementor-section-boxed elementor-section-height-default elementor-section-items-middle\" data-id=\"84efd65\" data-element_type=\"section\" data-e-type=\"section\" data-settings=\"{&quot;background_background&quot;:&quot;classic&quot;}\">\n\t\t\t\t\t\t<div class=\"elementor-container elementor-column-gap-default\">\n\t\t\t\t\t<div class=\"elementor-column elementor-col-50 elementor-top-column elementor-element elementor-element-c65eb30\" data-id=\"c65eb30\" data-element_type=\"column\" data-e-type=\"column\" data-settings=\"{&quot;background_background&quot;:&quot;classic&quot;}\">\n\t\t\t<div class=\"elementor-widget-wrap elementor-element-populated\">\n\t\t\t\t\t\t<div class=\"elementor-element elementor-element-a1ceddc elementor-widget elementor-widget-heading\" data-id=\"a1ceddc\" data-element_type=\"widget\" data-e-type=\"widget\" data-widget_type=\"heading.default\">\n\t\t\t\t<div class=\"elementor-widget-container\">\n\t\t\t\t\t<h2 class=\"elementor-heading-title elementor-size-large\"><b>Rufen Sie uns an!<\/b><\/h2>\t\t\t\t<\/div>\n\t\t\t\t<\/div>\n\t\t\t\t<div class=\"elementor-element elementor-element-96ca37e elementor-widget__width-auto elementor-widget elementor-widget-heading\" data-id=\"96ca37e\" data-element_type=\"widget\" data-e-type=\"widget\" data-widget_type=\"heading.default\">\n\t\t\t\t<div class=\"elementor-widget-container\">\n\t\t\t\t\t<p class=\"elementor-heading-title elementor-size-default\"><strong>\nE-Mail: <\/strong> info@plan8.de\n<br>\n<strong>\nTelefon: <\/strong> <a href=\"#\">+4<\/a>9 (0)212 \u2013 2 48 08 00\n<br>\n<strong>\nAdresse: <\/strong> Neustra\u00dfe 29, 42657 Solingen<\/p>\t\t\t\t<\/div>\n\t\t\t\t<\/div>\n\t\t\t\t\t<\/div>\n\t\t<\/div>\n\t\t\t\t<div class=\"elementor-column elementor-col-50 elementor-top-column elementor-element elementor-element-612724a\" data-id=\"612724a\" data-element_type=\"column\" data-e-type=\"column\">\n\t\t\t<div class=\"elementor-widget-wrap\">\n\t\t\t\t\t\t\t<\/div>\n\t\t<\/div>\n\t\t\t\t\t<\/div>\n\t\t<\/section>\n\t\t\t\t<\/div>\n\t\t","protected":false},"excerpt":{"rendered":"<p>Tal 40\u00b2 \u2013 Leben in Glessen Verbinden Sie Gro\u00dfstadtn\u00e4he mit dem Leben in ruhiger Lage \u201eauf dem Land\u201c. Hier entstehen 13 Eigentumswohnungen im nachhaltigen KFW 40 Standard f\u00fcr modernes und nachhaltiges Wohnen. Schicke und moderne 2 \u2013 4 Zimmer Wohnungen mit einer Gr\u00f6\u00dfe zwischen ca. 49 und ca. 98 m\u00b2 stehen zur Verf\u00fcgung. 13 Eigentumswohnungen [&hellip;]<\/p>\n","protected":false},"author":1,"featured_media":0,"parent":0,"menu_order":0,"comment_status":"closed","ping_status":"closed","template":"","meta":{"ocean_post_layout":"full-screen","ocean_both_sidebars_style":"","ocean_both_sidebars_content_width":0,"ocean_both_sidebars_sidebars_width":0,"ocean_sidebar":"","ocean_second_sidebar":"","ocean_disable_margins":"on","ocean_add_body_class":"","ocean_shortcode_before_top_bar":"","ocean_shortcode_after_top_bar":"","ocean_shortcode_before_header":"","ocean_shortcode_after_header":"","ocean_has_shortcode":"","ocean_shortcode_after_title":"","ocean_shortcode_before_footer_widgets":"","ocean_shortcode_after_footer_widgets":"","ocean_shortcode_before_footer_bottom":"","ocean_shortcode_after_footer_bottom":"","ocean_display_top_bar":"default","ocean_display_header":"default","ocean_header_style":"transparent","ocean_center_header_left_menu":"","ocean_custom_header_template":"","ocean_custom_logo":0,"ocean_custom_retina_logo":0,"ocean_custom_logo_max_width":0,"ocean_custom_logo_tablet_max_width":0,"ocean_custom_logo_mobile_max_width":0,"ocean_custom_logo_max_height":0,"ocean_custom_logo_tablet_max_height":0,"ocean_custom_logo_mobile_max_height":0,"ocean_header_custom_menu":"","ocean_menu_typo_font_family":"","ocean_menu_typo_font_subset":"","ocean_menu_typo_font_size":0,"ocean_menu_typo_font_size_tablet":0,"ocean_menu_typo_font_size_mobile":0,"ocean_menu_typo_font_size_unit":"px","ocean_menu_typo_font_weight":"","ocean_menu_typo_font_weight_tablet":"","ocean_menu_typo_font_weight_mobile":"","ocean_menu_typo_transform":"","ocean_menu_typo_transform_tablet":"","ocean_menu_typo_transform_mobile":"","ocean_menu_typo_line_height":0,"ocean_menu_typo_line_height_tablet":0,"ocean_menu_typo_line_height_mobile":0,"ocean_menu_typo_line_height_unit":"","ocean_menu_typo_spacing":0,"ocean_menu_typo_spacing_tablet":0,"ocean_menu_typo_spacing_mobile":0,"ocean_menu_typo_spacing_unit":"","ocean_menu_link_color":"","ocean_menu_link_color_hover":"#2d87be","ocean_menu_link_color_active":"","ocean_menu_link_background":"","ocean_menu_link_hover_background":"","ocean_menu_link_active_background":"","ocean_menu_social_links_bg":"","ocean_menu_social_hover_links_bg":"","ocean_menu_social_links_color":"","ocean_menu_social_hover_links_color":"#2d87be","ocean_disable_title":"on","ocean_disable_heading":"default","ocean_post_title":"","ocean_post_subheading":"","ocean_post_title_style":"","ocean_post_title_background_color":"","ocean_post_title_background":0,"ocean_post_title_bg_image_position":"","ocean_post_title_bg_image_attachment":"","ocean_post_title_bg_image_repeat":"","ocean_post_title_bg_image_size":"","ocean_post_title_height":0,"ocean_post_title_bg_overlay":0.5,"ocean_post_title_bg_overlay_color":"","ocean_disable_breadcrumbs":"off","ocean_breadcrumbs_color":"","ocean_breadcrumbs_separator_color":"","ocean_breadcrumbs_links_color":"","ocean_breadcrumbs_links_hover_color":"","ocean_display_footer_widgets":"on","ocean_display_footer_bottom":"off","ocean_custom_footer_template":"","footnotes":""},"class_list":["post-2892","page","type-page","status-publish","hentry","entry"],"_links":{"self":[{"href":"https:\/\/www.plan8.de\/index.php?rest_route=\/wp\/v2\/pages\/2892","targetHints":{"allow":["GET"]}}],"collection":[{"href":"https:\/\/www.plan8.de\/index.php?rest_route=\/wp\/v2\/pages"}],"about":[{"href":"https:\/\/www.plan8.de\/index.php?rest_route=\/wp\/v2\/types\/page"}],"author":[{"embeddable":true,"href":"https:\/\/www.plan8.de\/index.php?rest_route=\/wp\/v2\/users\/1"}],"replies":[{"embeddable":true,"href":"https:\/\/www.plan8.de\/index.php?rest_route=%2Fwp%2Fv2%2Fcomments&post=2892"}],"version-history":[{"count":80,"href":"https:\/\/www.plan8.de\/index.php?rest_route=\/wp\/v2\/pages\/2892\/revisions"}],"predecessor-version":[{"id":3752,"href":"https:\/\/www.plan8.de\/index.php?rest_route=\/wp\/v2\/pages\/2892\/revisions\/3752"}],"wp:attachment":[{"href":"https:\/\/www.plan8.de\/index.php?rest_route=%2Fwp%2Fv2%2Fmedia&parent=2892"}],"curies":[{"name":"wp","href":"https:\/\/api.w.org\/{rel}","templated":true}]}}